{"id":2754,"date":"2020-05-19T07:31:45","date_gmt":"2020-05-19T07:31:45","guid":{"rendered":"https:\/\/bauernmarkt-sg.ch\/?page_id=2754"},"modified":"2021-01-02T11:55:51","modified_gmt":"2021-01-02T11:55:51","slug":"baeuerinnen-haeggenschwil","status":"publish","type":"page","link":"https:\/\/bauernmarkt-sg.ch\/?page_id=2754","title":{"rendered":"B\u00e4uerinnen H\u00e4ggenschwil"},"content":{"rendered":"\n<figure class=\"wp-block-image size-large\"><a href=\"https:\/\/bauernmarkt-sg.ch\/wp-content\/uploads\/2021\/01\/4k.jpg\"><img loading=\"lazy\" decoding=\"async\" width=\"281\" height=\"189\" src=\"https:\/\/bauernmarkt-sg.ch\/wp-content\/uploads\/2021\/01\/4k.jpg\" alt=\"\" class=\"wp-image-3201\"\/><\/a><\/figure>\n\n\n\n<p>Wir bewirtschaften einen Familienbetrieb, der 14,5 ha Wiesland umfasst. Zu unserem Betrieb geh\u00f6ren 19 K\u00fche, Mastschweine, H\u00fchner und Kaninchen.<br>Wir pflegen ca. 250 Hochstamm-Obstb\u00e4ume, eine Erdbeer-Kultur und einen grossen Bauerngem\u00fcsegarten.<br>Unseren Betrieb bewirtschaften wir nach dem \u00f6kologischen Leistungsnachweis (\u00d6LN &#8211; fr\u00fcher IP &#8211; Vorgaben). Die anfallenden Arbeiten werden von der Familie (3 Generationen) mit viel Liebe zur Natur ausgef\u00fchrt.<br>&nbsp;<\/p>\n\n\n\n<figure class=\"wp-block-image size-large\"><a href=\"https:\/\/bauernmarkt-sg.ch\/wp-content\/uploads\/2021\/01\/1k.jpg\"><img loading=\"lazy\" decoding=\"async\" width=\"243\" height=\"167\" src=\"https:\/\/bauernmarkt-sg.ch\/wp-content\/uploads\/2021\/01\/1k.jpg\" alt=\"\" class=\"wp-image-3203\"\/><\/a><\/figure>\n\n\n\n<figure class=\"wp-block-image size-large\"><a href=\"https:\/\/bauernmarkt-sg.ch\/wp-content\/uploads\/2021\/01\/2k.jpg\"><img loading=\"lazy\" decoding=\"async\" width=\"304\" height=\"294\" src=\"https:\/\/bauernmarkt-sg.ch\/wp-content\/uploads\/2021\/01\/2k.jpg\" alt=\"\" class=\"wp-image-3202\" srcset=\"https:\/\/bauernmarkt-sg.ch\/wp-content\/uploads\/2021\/01\/2k.jpg 304w, https:\/\/bauernmarkt-sg.ch\/wp-content\/uploads\/2021\/01\/2k-300x290.jpg 300w\" sizes=\"auto, (max-width: 304px) 100vw, 304px\" \/><\/a><\/figure>\n\n\n\n<p>Sie k\u00f6nnen unsere Produkte direkt ab Hof einkaufen. Unser Sortiment umfast je nach Saison Obst, Gem\u00fcse, Beeren, Most, Sirup, Konfit\u00fcren, Trockenfr\u00fcchte, Kaninchen-, Rind-, Schweinefleisch, Brot, diverses Kleingeb\u00e4ck und<br>ab sofort au Puur\u00e4glac\u00e9.<\/p>\n\n\n\n<p>F\u00fcr Sie produzieren: Vreni W\u00fcrth, Martha Hauser, Vreni Baumann, Marlis Germann, Marlis Hauser, Erika Gemperle, Manuela Schwizer, Margrit Schildknecht, Meinrad Ammann.<br>&nbsp;<\/p>\n\n\n\n<figure class=\"wp-block-image size-large\"><a href=\"https:\/\/bauernmarkt-sg.ch\/wp-content\/uploads\/2021\/01\/3.jpg\"><img loading=\"lazy\" decoding=\"async\" width=\"281\" height=\"193\" src=\"https:\/\/bauernmarkt-sg.ch\/wp-content\/uploads\/2021\/01\/3.jpg\" alt=\"\" class=\"wp-image-3200\"\/><\/a><\/figure>\n\n\n\n<p>Alle unsere Produkte erhalten Sie auch auf dem Bauernmarkt in St. Gallen. Um Ihnen ein vielseitiges Sortiment anbieten zu k\u00f6nnen, werden wir von der B\u00e4uerinnen-Vereinigung H\u00e4ggenschwil tatkr\u00e4ftig unterst\u00fctzt.<\/p>\n\n\n\n<p><strong>Wir freuen uns auf&nbsp;ihren&nbsp;Besuch auf dem Bauernmarkt.<\/strong><\/p>\n","protected":false},"excerpt":{"rendered":"<p>Wir bewirtschaften einen Familienbetrieb, der 14,5 ha Wiesland umfasst. Zu unserem Betrieb geh\u00f6ren 19 K\u00fche, Mastschweine, H\u00fchner und Kaninchen.Wir pflegen ca. 250 Hochstamm-Obstb\u00e4ume, eine Erdbeer-Kultur und einen grossen Bauerngem\u00fcsegarten.Unseren Betrieb bewirtschaften wir nach dem \u00f6kologischen Leistungsnachweis (\u00d6LN &#8211; fr\u00fcher IP &#8211; Vorgaben). Die anfallenden Arbeiten werden von der Familie (3 Generationen) mit viel Liebe zur&nbsp;<\/p>\n<p><a class=\"btn btn-success btn-lg\" href=\"https:\/\/bauernmarkt-sg.ch\/?page_id=2754\">Continue Reading &rarr;<\/a><\/p>\n","protected":false},"author":3,"featured_media":0,"parent":0,"menu_order":0,"comment_status":"closed","ping_status":"closed","template":"","meta":{"footnotes":""},"class_list":["post-2754","page","type-page","status-publish","hentry"],"jetpack_sharing_enabled":true,"_links":{"self":[{"href":"https:\/\/bauernmarkt-sg.ch\/index.php?rest_route=\/wp\/v2\/pages\/2754","targetHints":{"allow":["GET"]}}],"collection":[{"href":"https:\/\/bauernmarkt-sg.ch\/index.php?rest_route=\/wp\/v2\/pages"}],"about":[{"href":"https:\/\/bauernmarkt-sg.ch\/index.php?rest_route=\/wp\/v2\/types\/page"}],"author":[{"embeddable":true,"href":"https:\/\/bauernmarkt-sg.ch\/index.php?rest_route=\/wp\/v2\/users\/3"}],"replies":[{"embeddable":true,"href":"https:\/\/bauernmarkt-sg.ch\/index.php?rest_route=%2Fwp%2Fv2%2Fcomments&post=2754"}],"version-history":[{"count":2,"href":"https:\/\/bauernmarkt-sg.ch\/index.php?rest_route=\/wp\/v2\/pages\/2754\/revisions"}],"predecessor-version":[{"id":3204,"href":"https:\/\/bauernmarkt-sg.ch\/index.php?rest_route=\/wp\/v2\/pages\/2754\/revisions\/3204"}],"wp:attachment":[{"href":"https:\/\/bauernmarkt-sg.ch\/index.php?rest_route=%2Fwp%2Fv2%2Fmedia&parent=2754"}],"curies":[{"name":"wp","href":"https:\/\/api.w.org\/{rel}","templated":true}]}}